{"id":5109,"date":"2021-08-17T20:03:11","date_gmt":"2021-08-17T18:03:11","guid":{"rendered":"https:\/\/www.nicoleking.fr\/?page_id=5109"},"modified":"2021-09-21T15:07:30","modified_gmt":"2021-09-21T13:07:30","slug":"list-of-past-exhibitions","status":"publish","type":"page","link":"https:\/\/www.nicoleking.fr\/en\/list-of-past-exhibitions\/","title":{"rendered":"List of past exhibitions"},"content":{"rendered":"\t\t<div data-elementor-type=\"wp-page\" data-elementor-id=\"5109\" class=\"elementor elementor-5109 elementor-5074\">\n\t\t\t\t\t\t<section class=\"elementor-section elementor-top-section elementor-element elementor-element-3e871291 elementor-section-boxed elementor-section-height-default elementor-section-height-default\" data-id=\"3e871291\" data-element_type=\"section\" data-e-type=\"section\" data-settings=\"{&quot;background_background&quot;:&quot;classic&quot;}\">\n\t\t\t\t\t\t<div class=\"elementor-container elementor-column-gap-no\">\n\t\t\t\t\t<div class=\"elementor-column elementor-col-100 elementor-top-column elementor-element elementor-element-1dcc4597\" data-id=\"1dcc4597\" data-element_type=\"column\" data-e-type=\"column\">\n\t\t\t<div class=\"elementor-widget-wrap elementor-element-populated\">\n\t\t\t\t\t\t<section class=\"elementor-section elementor-inner-section elementor-element elementor-element-6fe95a4 elementor-section-boxed elementor-section-height-default elementor-section-height-default\" data-id=\"6fe95a4\" data-element_type=\"section\" data-e-type=\"section\">\n\t\t\t\t\t\t<div class=\"elementor-container elementor-column-gap-default\">\n\t\t\t\t\t<div class=\"elementor-column elementor-col-50 elementor-inner-column elementor-element elementor-element-6dac0eff\" data-id=\"6dac0eff\" data-element_type=\"column\" data-e-type=\"column\">\n\t\t\t<div class=\"elementor-widget-wrap elementor-element-populated\">\n\t\t\t\t\t\t<div class=\"elementor-element elementor-element-62c59be1 elementor-widget elementor-widget-image\" data-id=\"62c59be1\" data-element_type=\"widget\" data-e-type=\"widget\" data-widget_type=\"image.default\">\n\t\t\t\t<div class=\"elementor-widget-container\">\n\t\t\t\t\t\t\t\t\t\t\t\t\t\t\t<img fetchpriority=\"high\" decoding=\"async\" width=\"900\" height=\"900\" src=\"https:\/\/www.nicoleking.fr\/wp-content\/uploads\/2021\/05\/nicole-king-blochp.jpg\" class=\"attachment-large size-large wp-image-1508\" alt=\"\" srcset=\"https:\/\/www.nicoleking.fr\/wp-content\/uploads\/2021\/05\/nicole-king-blochp.jpg 900w, https:\/\/www.nicoleking.fr\/wp-content\/uploads\/2021\/05\/nicole-king-blochp-300x300.jpg 300w, https:\/\/www.nicoleking.fr\/wp-content\/uploads\/2021\/05\/nicole-king-blochp-150x150.jpg 150w, https:\/\/www.nicoleking.fr\/wp-content\/uploads\/2021\/05\/nicole-king-blochp-768x768.jpg 768w\" sizes=\"(max-width: 900px) 100vw, 900px\" \/>\t\t\t\t\t\t\t\t\t\t\t\t\t\t\t<\/div>\n\t\t\t\t<\/div>\n\t\t\t\t\t<\/div>\n\t\t<\/div>\n\t\t\t\t<div class=\"elementor-column elementor-col-50 elementor-inner-column elementor-element elementor-element-7fc6d6d9\" data-id=\"7fc6d6d9\" data-element_type=\"column\" data-e-type=\"column\" data-settings=\"{&quot;background_background&quot;:&quot;classic&quot;}\">\n\t\t\t<div class=\"elementor-widget-wrap elementor-element-populated\">\n\t\t\t\t\t\t<div class=\"elementor-element elementor-element-de40cd0 elementor-widget elementor-widget-text-editor\" data-id=\"de40cd0\" data-element_type=\"widget\" data-e-type=\"widget\" data-widget_type=\"text-editor.default\">\n\t\t\t\t<div class=\"elementor-widget-container\">\n\t\t\t\t\t\t\t\t\t<p>Nicole King has participated in numerous personal and collective exhibitions, which are listed chronologically on this page.<\/p>\t\t\t\t\t\t\t\t<\/div>\n\t\t\t\t<\/div>\n\t\t\t\t\t<\/div>\n\t\t<\/div>\n\t\t\t\t\t<\/div>\n\t\t<\/section>\n\t\t\t\t\t<\/div>\n\t\t<\/div>\n\t\t\t\t\t<\/div>\n\t\t<\/section>\n\t\t\t\t<section class=\"elementor-section elementor-top-section elementor-element elementor-element-0249262 elementor-section-boxed elementor-section-height-default elementor-section-height-default\" data-id=\"0249262\" data-element_type=\"section\" data-e-type=\"section\">\n\t\t\t\t\t\t<div class=\"elementor-container elementor-column-gap-default\">\n\t\t\t\t\t<div class=\"elementor-column elementor-col-50 elementor-top-column elementor-element elementor-element-b1f71fe\" data-id=\"b1f71fe\" data-element_type=\"column\" data-e-type=\"column\">\n\t\t\t<div class=\"elementor-widget-wrap elementor-element-populated\">\n\t\t\t\t\t\t<div class=\"elementor-element elementor-element-18661d7 elementor-widget elementor-widget-accordion\" data-id=\"18661d7\" data-element_type=\"widget\" data-e-type=\"widget\" data-widget_type=\"accordion.default\">\n\t\t\t\t<div class=\"elementor-widget-container\">\n\t\t\t\t\t\t\t<div class=\"elementor-accordion\">\n\t\t\t\t\t\t\t<div class=\"elementor-accordion-item\">\n\t\t\t\t\t<div id=\"elementor-tab-title-2551\" class=\"elementor-tab-title\" data-tab=\"1\" role=\"button\" aria-controls=\"elementor-tab-content-2551\" aria-expanded=\"false\">\n\t\t\t\t\t\t\t\t\t\t\t\t\t<span class=\"elementor-accordion-icon elementor-accordion-icon-left\" aria-hidden=\"true\">\n\t\t\t\t\t\t\t\t\t\t\t\t\t\t\t<span class=\"elementor-accordion-icon-closed\"><i class=\"fas fa-plus\"><\/i><\/span>\n\t\t\t\t\t\t\t\t<span class=\"elementor-accordion-icon-opened\"><i class=\"fas fa-minus\"><\/i><\/span>\n\t\t\t\t\t\t\t\t\t\t\t\t\t\t<\/span>\n\t\t\t\t\t\t\t\t\t\t\t\t<a class=\"elementor-accordion-title\" tabindex=\"0\">2020<\/a>\n\t\t\t\t\t<\/div>\n\t\t\t\t\t<div id=\"elementor-tab-content-2551\" class=\"elementor-tab-content elementor-clearfix\" data-tab=\"1\" role=\"region\" aria-labelledby=\"elementor-tab-title-2551\"><h3>From 11th to 16thFebruary 2020<\/h3><p><strong>Art Capital &#8211; Salon Dessin &amp; Peinture \u00e0 l&#8217;Eau<\/strong> &#8211; Salon des Artistes Fran\u00e7ais<br \/>Grand Palais &#8211; 3 avenue du G\u00e9n\u00e9ral Eisenhower &#8211; 75008 Paris<\/p><h3>From 3rd to 11th October 2020<\/h3><p><strong>V\u00e9sin&#8217;Art<\/strong><br \/>Theme: &#8220;Abstraction&#8221;<br \/>Espace M. Utrillo, Town Hall &#8211; 78110 Le V\u00e9sinet<\/p><\/div>\n\t\t\t\t<\/div>\n\t\t\t\t\t\t\t<div class=\"elementor-accordion-item\">\n\t\t\t\t\t<div id=\"elementor-tab-title-2552\" class=\"elementor-tab-title\" data-tab=\"2\" role=\"button\" aria-controls=\"elementor-tab-content-2552\" aria-expanded=\"false\">\n\t\t\t\t\t\t\t\t\t\t\t\t\t<span class=\"elementor-accordion-icon elementor-accordion-icon-left\" aria-hidden=\"true\">\n\t\t\t\t\t\t\t\t\t\t\t\t\t\t\t<span class=\"elementor-accordion-icon-closed\"><i class=\"fas fa-plus\"><\/i><\/span>\n\t\t\t\t\t\t\t\t<span class=\"elementor-accordion-icon-opened\"><i class=\"fas fa-minus\"><\/i><\/span>\n\t\t\t\t\t\t\t\t\t\t\t\t\t\t<\/span>\n\t\t\t\t\t\t\t\t\t\t\t\t<a class=\"elementor-accordion-title\" tabindex=\"0\">2018<\/a>\n\t\t\t\t\t<\/div>\n\t\t\t\t\t<div id=\"elementor-tab-content-2552\" class=\"elementor-tab-content elementor-clearfix\" data-tab=\"2\" role=\"region\" aria-labelledby=\"elementor-tab-title-2552\"><h3>From 13 to 16 December 2018<\/h3><p><strong>SNBA<\/strong> (Salon National des Beaux Arts)<br \/>Carrousel du Louvre &#8211; 99 Rue de Rivoli, 75001 Paris<\/p><h3>From 3 to 10 December 2018<\/h3><p><strong>Les Amis du Salon d&#8217;Automne<\/strong><br \/>Vivienne Art Galerie &#8211; 30 Galerie Vivienne &#8211; 75002 PARIS<\/p><h3>From 7 to 29 October 2018<\/h3><p><strong>37th Lun\u00e9ville International Autumn Exhibition<\/strong><br \/>R\u00e9servoir, 2 cours de Verdun, Lun\u00e9ville (near Nancy)<\/p><h3>From 25th to 28th October 2018<\/h3><p><strong>Salon d&#8217;Automne de Paris<\/strong><br \/>Avenue des Champs Elys\u00e9es &#8211; 75008 Paris<\/p><h3>From 21st to 30th September 2018<\/h3><p><strong>Salon des Arts de Taverny<\/strong><br \/>Salle des f\u00eates 8 Place de Charles de Gaulle &#8211; 95150 Taverny<\/p><h3>From 17 September to 26 August 2018<\/h3><p><strong>Les Amis du Salon d&#8217;Automne<\/strong><br \/>Galerie Etienne de Causans &#8211;\u00a0 25 rue de la Seine &#8211;\u00a0 75006 Paris<\/p><h3>From 5 to 13 May 2018<\/h3><p><strong>Les Amis du Salon d&#8217;Automne<\/strong><br \/>Vivienne Art Galerie &#8211; 30 Galerie Vivienne &#8211; 75002 PARIS<\/p><h3>From 3 to 11 March 2018<\/h3><p><strong>41st Salon des Arts du Pecq<\/strong><br \/>Quai 3 &#8211; 3 quai Voltaire &#8211;\u00a0 78230 Le Pecq<\/p><h3>From 14th to 18th February 2018<\/h3><p><strong>Art Capital, Drawing and watercolour exhibition<\/strong><br \/>Grand Palais &#8211; 3 avenue du G\u00e9n\u00e9ral Eisenhower &#8211; 75008 Paris<\/p><\/div>\n\t\t\t\t<\/div>\n\t\t\t\t\t\t\t<div class=\"elementor-accordion-item\">\n\t\t\t\t\t<div id=\"elementor-tab-title-2553\" class=\"elementor-tab-title\" data-tab=\"3\" role=\"button\" aria-controls=\"elementor-tab-content-2553\" aria-expanded=\"false\">\n\t\t\t\t\t\t\t\t\t\t\t\t\t<span class=\"elementor-accordion-icon elementor-accordion-icon-left\" aria-hidden=\"true\">\n\t\t\t\t\t\t\t\t\t\t\t\t\t\t\t<span class=\"elementor-accordion-icon-closed\"><i class=\"fas fa-plus\"><\/i><\/span>\n\t\t\t\t\t\t\t\t<span class=\"elementor-accordion-icon-opened\"><i class=\"fas fa-minus\"><\/i><\/span>\n\t\t\t\t\t\t\t\t\t\t\t\t\t\t<\/span>\n\t\t\t\t\t\t\t\t\t\t\t\t<a class=\"elementor-accordion-title\" tabindex=\"0\">2016<\/a>\n\t\t\t\t\t<\/div>\n\t\t\t\t\t<div id=\"elementor-tab-content-2553\" class=\"elementor-tab-content elementor-clearfix\" data-tab=\"3\" role=\"region\" aria-labelledby=\"elementor-tab-title-2553\"><h3>From 9 to 19 November 2016<\/h3><p><strong>Friends of the Autumn Salon<br \/><\/strong>Galerie Etienne de Causans &#8211; 25 rue de Seine\u00a0 &#8211; 75006 Paris<\/p><h3>From 13th to 16th October 2016<\/h3><p><strong>Salon d&#8217;Automne de Paris<br \/><\/strong>Avenue des Champs Elys\u00e9es &#8211; 75008 Paris<\/p><h3>From 24th September to 9th October 2016<\/h3><p><strong>Salon des Arts de Taverny<\/strong><br \/>Salle des f\u00eates &#8211; 95150 Taverny<\/p><h3>From 10th to 19th August 2016<\/h3><p><strong>37th Salon Artistique de Haute Loire (CAPA) <\/strong><br \/>Commanderie St Jean &amp; salle Jeanne d&#8217;Arc &#8211; 43000 Le PUY EN VELAY<\/p><h3>From 17 July to 2 August 2016<\/h3><p><strong>Salons Libres Europ\u00e9ens<\/strong><br \/>Galerie Vert Galant &#8211; 52 quai des Orf\u00e8vres &#8211;\u00a0 PARIS<\/p><h3>From 23 to 31 July 2016<\/h3><p><strong>Grand Prix International de Prestige Des Cr\u00e9ateurs du si\u00e8cle <\/strong><br \/>Palais des Congr\u00e8s &#8211; VITTEL (88)<\/p><h3>From 23 June to 13 July 2016<\/h3><p><strong>Club des ateliers d&#8217;Artistes <\/strong><br \/>Galerie Beaubourg-St Martin Rue St Martin &#8211; 75003 PARIS<\/p><h3>From 31 May to 11 June 2016<\/h3><p>Les Amis du Salon d&#8217;Automne <strong><br \/><\/strong>Vivienne Art Galerie &#8211; 30 Galerie Vivienne &#8211; 75002 PARIS<\/p><h3>From 16 April to 1 May 2016<\/h3><p><strong>Salon des Amis des Arts de Pont de Cheruy<br \/><\/strong>Ch\u00e2teau de Grammont &#8211; Pont de Cheruy, Lyon<\/p><h3>From February 29th to April 29th 2016<\/h3><p><strong>Nature en Stock <\/strong><br \/>Nice Airport (Business Centre)<\/p><h3>From 18th to 20th March 2016<\/h3><p><strong>Salons Libres Europ\u00e9ens<\/strong><br \/>Espace Pierre Cardin &#8211; 13 av Gabriel &#8211; 75008 Paris<\/p><\/div>\n\t\t\t\t<\/div>\n\t\t\t\t\t\t\t<div class=\"elementor-accordion-item\">\n\t\t\t\t\t<div id=\"elementor-tab-title-2554\" class=\"elementor-tab-title\" data-tab=\"4\" role=\"button\" aria-controls=\"elementor-tab-content-2554\" aria-expanded=\"false\">\n\t\t\t\t\t\t\t\t\t\t\t\t\t<span class=\"elementor-accordion-icon elementor-accordion-icon-left\" aria-hidden=\"true\">\n\t\t\t\t\t\t\t\t\t\t\t\t\t\t\t<span class=\"elementor-accordion-icon-closed\"><i class=\"fas fa-plus\"><\/i><\/span>\n\t\t\t\t\t\t\t\t<span class=\"elementor-accordion-icon-opened\"><i class=\"fas fa-minus\"><\/i><\/span>\n\t\t\t\t\t\t\t\t\t\t\t\t\t\t<\/span>\n\t\t\t\t\t\t\t\t\t\t\t\t<a class=\"elementor-accordion-title\" tabindex=\"0\">2014<\/a>\n\t\t\t\t\t<\/div>\n\t\t\t\t\t<div id=\"elementor-tab-content-2554\" class=\"elementor-tab-content elementor-clearfix\" data-tab=\"4\" role=\"region\" aria-labelledby=\"elementor-tab-title-2554\"><h3>From 11th to 14th December 2014<\/h3><p><strong>Soci\u00e9t\u00e9 Nationale des Beaux Arts<\/strong><br \/>Carrousel du Louvre &#8211; 99 Rue de Rivoli, 75001 Paris<\/p><h3>From 25th to 30th November 2014<\/h3><p><strong>Art Capital: Salon Dessin &amp; Peinture \u00e0 l&#8217;eau<\/strong> <br \/>Grand Palais &#8211; 3 avenue du G\u00e9n\u00e9ral Eisenhower &#8211; 75008 Paris<\/p><h3>From 20th to 23rd November 2014<\/h3><p><strong>International Autumn Exhibition in Israel<br \/><\/strong>Tel Aviv (Hangar n\u00b011)<\/p><h3>From 15th to 19th October 2014<\/h3><p><strong>Salon d&#8217;Automne Paris<\/strong><br \/>Avenue des Champs Elys\u00e9es &#8211; 75008 Paris<\/p><h3>From 14th to 28th September 2014<\/h3><p><strong>European exhibition Denmark<br \/><\/strong>Galerie GAL, Nicole King represents France<\/p><h3>From 5th to 12th September 2014<\/h3><p><strong>Grand Prix de Peinture du Castellet 2014<br \/><\/strong>Le Castellet (Ch\u00e2teau du Castellet)<\/p><h3>From 22 July to 2 August 2014<\/h3><p><strong>35th Haute Loire Art Show<br \/><\/strong>43000 Le PUY EN VELAY<\/p><h3>From 2nd to 31st May 2014<\/h3><p><strong>Salon d&#8217;Automne International in Luxembourg<br \/><\/strong>Arcelor Mittal Pavillion &#8211; Esch sur Alzette (LUXEMBOURG)<\/p><h3>From 9th to 23rd May 2014<\/h3><p><strong>Amis du Salon d&#8217;Automne<br \/><\/strong>Galerie B\u00e9atrice Bellat &#8211; 103 Rue Lamarck &#8211; 75018 Paris<\/p><h3>From 17th to 18th May 2014<\/h3><p><strong>Village des Arts du V\u00e9sinet<br \/><\/strong>Open air exhibition, individual stand<br \/>Lac des Ibis &#8211; 78110 LE VESINET\u00a0<\/p><h3>From 27 December 2013 to 6 January 2014<\/h3><p><strong>Ten French and Italian artists<br \/><\/strong>Palazzo Rospigliosi \/ Zagarolllo &#8211; ROMA- ITALY<\/p><\/div>\n\t\t\t\t<\/div>\n\t\t\t\t\t\t\t<div class=\"elementor-accordion-item\">\n\t\t\t\t\t<div id=\"elementor-tab-title-2555\" class=\"elementor-tab-title\" data-tab=\"5\" role=\"button\" aria-controls=\"elementor-tab-content-2555\" aria-expanded=\"false\">\n\t\t\t\t\t\t\t\t\t\t\t\t\t<span class=\"elementor-accordion-icon elementor-accordion-icon-left\" aria-hidden=\"true\">\n\t\t\t\t\t\t\t\t\t\t\t\t\t\t\t<span class=\"elementor-accordion-icon-closed\"><i class=\"fas fa-plus\"><\/i><\/span>\n\t\t\t\t\t\t\t\t<span class=\"elementor-accordion-icon-opened\"><i class=\"fas fa-minus\"><\/i><\/span>\n\t\t\t\t\t\t\t\t\t\t\t\t\t\t<\/span>\n\t\t\t\t\t\t\t\t\t\t\t\t<a class=\"elementor-accordion-title\" tabindex=\"0\">2012<\/a>\n\t\t\t\t\t<\/div>\n\t\t\t\t\t<div id=\"elementor-tab-content-2555\" class=\"elementor-tab-content elementor-clearfix\" data-tab=\"5\" role=\"region\" aria-labelledby=\"elementor-tab-title-2555\"><h3>December 2012<\/h3><p><strong>Les Hivernales<br \/><\/strong>Montreuil (93)<\/p><h3>November 2012<\/h3><p><strong>Art Capital, Drawing &amp; Watercolour Exhibition<br \/><\/strong>Grand Palais &#8211; 3 avenue du G\u00e9n\u00e9ral Eisenhower &#8211; 75008 Paris<\/p><h3>October 2012<\/h3><p><strong>Salon d&#8217;Automne<br \/><\/strong>Avenue des Champs Elys\u00e9es &#8211; 75008 Paris<\/p><h3>September 2012<\/h3><p><strong>Drawings<br \/><\/strong>Chapelle St L\u00e9onard &#8211; Croissy sur Seine (78)<\/p><h3>April 2012<\/h3><p><strong>Salon des grands formats\u00a0 (large paintings)<br \/><\/strong>Theme: &#8220;Silence&#8221;<br \/>Boulogne Billancourt (92)<\/p><h3>March 2012<\/h3><p><strong>Colours and forms<br \/><\/strong>Le Mesnil le Roi (78)<\/p><\/div>\n\t\t\t\t<\/div>\n\t\t\t\t\t\t\t<div class=\"elementor-accordion-item\">\n\t\t\t\t\t<div id=\"elementor-tab-title-2556\" class=\"elementor-tab-title\" data-tab=\"6\" role=\"button\" aria-controls=\"elementor-tab-content-2556\" aria-expanded=\"false\">\n\t\t\t\t\t\t\t\t\t\t\t\t\t<span class=\"elementor-accordion-icon elementor-accordion-icon-left\" aria-hidden=\"true\">\n\t\t\t\t\t\t\t\t\t\t\t\t\t\t\t<span class=\"elementor-accordion-icon-closed\"><i class=\"fas fa-plus\"><\/i><\/span>\n\t\t\t\t\t\t\t\t<span class=\"elementor-accordion-icon-opened\"><i class=\"fas fa-minus\"><\/i><\/span>\n\t\t\t\t\t\t\t\t\t\t\t\t\t\t<\/span>\n\t\t\t\t\t\t\t\t\t\t\t\t<a class=\"elementor-accordion-title\" tabindex=\"0\">2010<\/a>\n\t\t\t\t\t<\/div>\n\t\t\t\t\t<div id=\"elementor-tab-content-2556\" class=\"elementor-tab-content elementor-clearfix\" data-tab=\"6\" role=\"region\" aria-labelledby=\"elementor-tab-title-2556\"><h2>November 2010<\/h2><p><strong>Art en Capital &#8211; Drawing &amp; Watercolour Exhibition<br \/><\/strong>Grand Palais &#8211; 3 avenue du G\u00e9n\u00e9ral Eisenhower &#8211; 75008 Paris<\/p><h2>May 2010<\/h2><p><strong>Salon Renouveau du Printemps<\/strong><br \/>Theme: &#8220;Reflections&#8221;<br \/>Boulogne Billancourt (92)<\/p><\/div>\n\t\t\t\t<\/div>\n\t\t\t\t\t\t\t\t<\/div>\n\t\t\t\t\t\t<\/div>\n\t\t\t\t<\/div>\n\t\t\t\t\t<\/div>\n\t\t<\/div>\n\t\t\t\t<div class=\"elementor-column elementor-col-50 elementor-top-column elementor-element elementor-element-be66cc1\" data-id=\"be66cc1\" data-element_type=\"column\" data-e-type=\"column\">\n\t\t\t<div class=\"elementor-widget-wrap elementor-element-populated\">\n\t\t\t\t\t\t<div class=\"elementor-element elementor-element-2c9c6bf elementor-widget elementor-widget-accordion\" data-id=\"2c9c6bf\" data-element_type=\"widget\" data-e-type=\"widget\" data-widget_type=\"accordion.default\">\n\t\t\t\t<div class=\"elementor-widget-container\">\n\t\t\t\t\t\t\t<div class=\"elementor-accordion\">\n\t\t\t\t\t\t\t<div class=\"elementor-accordion-item\">\n\t\t\t\t\t<div id=\"elementor-tab-title-4671\" class=\"elementor-tab-title\" data-tab=\"1\" role=\"button\" aria-controls=\"elementor-tab-content-4671\" aria-expanded=\"false\">\n\t\t\t\t\t\t\t\t\t\t\t\t\t<span class=\"elementor-accordion-icon elementor-accordion-icon-left\" aria-hidden=\"true\">\n\t\t\t\t\t\t\t\t\t\t\t\t\t\t\t<span class=\"elementor-accordion-icon-closed\"><i class=\"fas fa-plus\"><\/i><\/span>\n\t\t\t\t\t\t\t\t<span class=\"elementor-accordion-icon-opened\"><i class=\"fas fa-minus\"><\/i><\/span>\n\t\t\t\t\t\t\t\t\t\t\t\t\t\t<\/span>\n\t\t\t\t\t\t\t\t\t\t\t\t<a class=\"elementor-accordion-title\" tabindex=\"0\">2019<\/a>\n\t\t\t\t\t<\/div>\n\t\t\t\t\t<div id=\"elementor-tab-content-4671\" class=\"elementor-tab-content elementor-clearfix\" data-tab=\"1\" role=\"region\" aria-labelledby=\"elementor-tab-title-4671\"><h3>From 21st to 24th March 2019<\/h3><p><strong>V\u00e9sin&#8217;art<\/strong><br \/>Theme: &#8220;Animal Art&#8221;<br \/>Espace M. Utrillo, Town Hall &#8211; 78110 Le V\u00e9sinet<\/p><h3>From 18th to 27th March 2019<\/h3><p><strong>Friends of the Autumn Salon<br \/><\/strong>Galerie Etienne de Causans &#8211; 25 rue de Seine &#8211; 75006 Paris<\/p><h3>From 13 to 16 June 2019<\/h3><p><strong>Vesinart<\/strong><br \/>Theme: &#8220;Glances at the city\u201d<br \/>Espace M. Utrillo, Town hall &#8211; 78110 Le V\u00e9sinet<\/p><h3>From 7 to 15 December 2019<\/h3><p><strong>V\u00e9sin&#8217;art<br \/><\/strong>Theme: \u201cPlants\u201d<br \/>Espace M. Utrillo, Town Hall &#8211; 78110 Le V\u00e9sinet<\/p><\/div>\n\t\t\t\t<\/div>\n\t\t\t\t\t\t\t<div class=\"elementor-accordion-item\">\n\t\t\t\t\t<div id=\"elementor-tab-title-4672\" class=\"elementor-tab-title\" data-tab=\"2\" role=\"button\" aria-controls=\"elementor-tab-content-4672\" aria-expanded=\"false\">\n\t\t\t\t\t\t\t\t\t\t\t\t\t<span class=\"elementor-accordion-icon elementor-accordion-icon-left\" aria-hidden=\"true\">\n\t\t\t\t\t\t\t\t\t\t\t\t\t\t\t<span class=\"elementor-accordion-icon-closed\"><i class=\"fas fa-plus\"><\/i><\/span>\n\t\t\t\t\t\t\t\t<span class=\"elementor-accordion-icon-opened\"><i class=\"fas fa-minus\"><\/i><\/span>\n\t\t\t\t\t\t\t\t\t\t\t\t\t\t<\/span>\n\t\t\t\t\t\t\t\t\t\t\t\t<a class=\"elementor-accordion-title\" tabindex=\"0\">2017<\/a>\n\t\t\t\t\t<\/div>\n\t\t\t\t\t<div id=\"elementor-tab-content-4672\" class=\"elementor-tab-content elementor-clearfix\" data-tab=\"2\" role=\"region\" aria-labelledby=\"elementor-tab-title-4672\"><h3>From 7 to 10 December 2017<\/h3><p><strong>SNBA (Soci\u00e9t\u00e9 Nationale des Beaux Arts)<br \/><\/strong>Carrousel du Louvre &#8211; 99 Rue de Rivoli &#8211; 75001 Paris<\/p><h3>From 20th to 29th November 2017<\/h3><p><strong>Friends of the Salon d&#8217;Automne<br \/><\/strong>Etienne de Causans Galery 25 rue de Seine\u00a0 75005 Paris<\/p><h3>From 11th to 15th October 2017<\/h3><p><strong>Salon d&#8217;Automne<br \/><\/strong>Champs Elys\u00e9es &#8211; 75008 PARIS<\/p><h3>From 16th to 24th September 2017<\/h3><p><strong>61st Taverny Arts Fair<\/strong><br \/>8 Place de Charles de Gaulle &#8211; 95150 Taverny<\/p><h3>From 22 July to 17 August 2017<\/h3><p><strong>S.A.I (Salon d&#8217;Automne International)<\/strong><br \/>Sarria Biennial (in Spain)<br \/>Sarria (on 4 sites in Galicia) Spain<\/p><h3>From 4 to 25 July 2017<\/h3><p>Exhibition-competition &#8220;Contemporary art from figurative to abstract&#8221;<br \/>EDMC<br \/>P\u00f4le Expo Sud C\u00f4te d&#8217;Azur &#8211; 34\/36 bd de Strasbourg -Toulon<\/p><h3>From 2nd June to 2nd July 2017<\/h3><p><strong>&#8220;An impressionist summer&#8221; <\/strong><br \/>Restaurant Le Relais des peintres &#8211; 6 rue du G\u00e9n\u00e9ral de Gaulle\u00a0 &#8211; 95430 Auvers-sur-Oise<\/p><h3>From 9th to 21st May 2017<\/h3><p><strong>Friends of the Paris Autumn Salon<br \/><\/strong>Vivienne Art Galerie &#8211; 30 Galerie Vivienne &#8211; 75002 PARIS<\/p><h3>From 4th to 19th March 2017<\/h3><p>Chatou&#8217;s Biennal &#8211; Centre Jacques Catinat &#8211; 3 place Maurice Berteaux<br \/>\u00a0&#8211; CHATOU (78)<\/p><h3>From 4th to 12th March 2017<\/h3><p><strong>Color &amp; Form Biennial<\/strong><br \/>Centre Georges Brassens &#8211; 100 rue Jules Rein\u00a0 &#8211; 78600 Le Mesnil-le-Roi<\/p><h3>From 15th to 19th February 2017<\/h3><p><strong>Art Capital &#8211; Salon du Dessin &amp; Peinture \u00e0 l&#8217;eau <\/strong><br \/>Grand Palais &#8211; 3 avenue du G\u00e9n\u00e9ral Eisenhower &#8211; 75008 Paris<\/p><\/div>\n\t\t\t\t<\/div>\n\t\t\t\t\t\t\t<div class=\"elementor-accordion-item\">\n\t\t\t\t\t<div id=\"elementor-tab-title-4673\" class=\"elementor-tab-title\" data-tab=\"3\" role=\"button\" aria-controls=\"elementor-tab-content-4673\" aria-expanded=\"false\">\n\t\t\t\t\t\t\t\t\t\t\t\t\t<span class=\"elementor-accordion-icon elementor-accordion-icon-left\" aria-hidden=\"true\">\n\t\t\t\t\t\t\t\t\t\t\t\t\t\t\t<span class=\"elementor-accordion-icon-closed\"><i class=\"fas fa-plus\"><\/i><\/span>\n\t\t\t\t\t\t\t\t<span class=\"elementor-accordion-icon-opened\"><i class=\"fas fa-minus\"><\/i><\/span>\n\t\t\t\t\t\t\t\t\t\t\t\t\t\t<\/span>\n\t\t\t\t\t\t\t\t\t\t\t\t<a class=\"elementor-accordion-title\" tabindex=\"0\">2015<\/a>\n\t\t\t\t\t<\/div>\n\t\t\t\t\t<div id=\"elementor-tab-content-4673\" class=\"elementor-tab-content elementor-clearfix\" data-tab=\"3\" role=\"region\" aria-labelledby=\"elementor-tab-title-4673\"><h3>From 17 to 20 December 2015<\/h3><p><strong>Salon SNBA (Soci\u00e9t\u00e9 Nationale des Beaux Arts)<br \/><\/strong>Carrousel du Louvre &#8211; 99 Rue de Rivoli, 75001 Paris<\/p><h3>From 24th to 29th November 2015<\/h3><p><strong>Art Capital: Drawing &amp; Watercolour Salon<br \/><\/strong>Grand Palais &#8211; 3 avenue du G\u00e9n\u00e9ral Eisenhower &#8211; 75008 Paris<\/p><h3>From 18th to 22nd November 2015<\/h3><p><strong>ARTWECAN<\/strong> Contemporary art fair for the planet<br \/>Cannes -Maritime Station-Croisette &#8211; 06400 &#8211; Cannes<\/p><h3>From 14th to 18th October 2015<\/h3><p><strong>Salon d&#8217;Automne de Paris<\/strong><br \/>Avenue des Champs Elys\u00e9es &#8211; 75008 Paris<\/p><h3>From 26th September to 11th October 2015<\/h3><p><strong>59th Taverny Art Show<\/strong><br \/>Salle des f\u00eates\u00a0 &#8211; 95150 Taverny<\/p><h3>From July 22nd to August 16th 2015<\/h3><p><strong>Autumn Show Internat. SARRIA<br \/><\/strong>SARRIA (Spain)<\/p><h3>From 11th to 26th June 2015<\/h3><p><strong>Les Amis du Salon d&#8217;Automne<\/strong><br \/>GALERIE 89 &#8211; Viaduc Des Arts &#8211; 75012 Paris<\/p><h3>From 7th to 21st May 2015<\/h3><p><strong>Les Amis du Salon d&#8217;Automne<\/strong><br \/>Galerie B\u00e9atrice Bellat &#8211; 103 Rue Lamarck &#8211; 75018 Paris<\/p><h3>From 7th to 22nd March 2015<\/h3><p><strong>Biennale des Beaux-Arts de Chatou<\/strong><br \/>Painting Prize (received on March 12)<br \/>Chatou (78)<\/p><h3>From 1st November 2014 to 10th January 2015<\/h3><p><strong>Salon d&#8217;Automne in Perpignan<\/strong><br \/>Palais des Rois de Majorque &#8211; Perpignan<\/p><\/div>\n\t\t\t\t<\/div>\n\t\t\t\t\t\t\t<div class=\"elementor-accordion-item\">\n\t\t\t\t\t<div id=\"elementor-tab-title-4674\" class=\"elementor-tab-title\" data-tab=\"4\" role=\"button\" aria-controls=\"elementor-tab-content-4674\" aria-expanded=\"false\">\n\t\t\t\t\t\t\t\t\t\t\t\t\t<span class=\"elementor-accordion-icon elementor-accordion-icon-left\" aria-hidden=\"true\">\n\t\t\t\t\t\t\t\t\t\t\t\t\t\t\t<span class=\"elementor-accordion-icon-closed\"><i class=\"fas fa-plus\"><\/i><\/span>\n\t\t\t\t\t\t\t\t<span class=\"elementor-accordion-icon-opened\"><i class=\"fas fa-minus\"><\/i><\/span>\n\t\t\t\t\t\t\t\t\t\t\t\t\t\t<\/span>\n\t\t\t\t\t\t\t\t\t\t\t\t<a class=\"elementor-accordion-title\" tabindex=\"0\">2013<\/a>\n\t\t\t\t\t<\/div>\n\t\t\t\t\t<div id=\"elementor-tab-content-4674\" class=\"elementor-tab-content elementor-clearfix\" data-tab=\"4\" role=\"region\" aria-labelledby=\"elementor-tab-title-4674\"><h3>From 4th to 8th December 2013<\/h3><p><strong>Art Capital, Salon du Dessin &amp; de la Peinture \u00e0 l&#8217;eau<\/strong><br \/>Grand Palais &#8211; 3 avenue du G\u00e9n\u00e9ral Eisenhower &#8211; 75008 Paris<\/p><h3>From 31st October to 4th November 2013<\/h3><p><strong>Salon d&#8217;Automne<br \/><\/strong>Avenue des Champs Elys\u00e9es &#8211; 75008 Paris<\/p><h3>From 12th to 13th October 2013<\/h3><p><strong>Village des Arts du V\u00e9sinet<br \/><\/strong>Ibis Lake &#8211; Le V\u00e9sinet (78)<\/p><h3>From 24th to 28th September 2013<\/h3><p><strong>European Exhibition<br \/><\/strong>Pallazo Maffei Mariscotti, VATICAN-ROME- ITALY<\/p><h3>From 20th to 23rd June 2013<\/h3><p><strong>Exhibition : Atelier 43<\/strong><br \/>43 rue de Paris &#8211; Saint Germain-en-Laye- 78100<\/p><h3>From 17th May to 15th June 2013<\/h3><p><strong>Exhibition of the Friends of the Salon d&#8217;Automne<br \/><\/strong>Galerie B\u00e9atrice Bellat &#8211; 103 Rue Lamarck &#8211; 75018 Paris<\/p><h3>From 2nd to 4th June 2013<\/h3><p><strong>International Exhibition Place aux Artistes<br \/><\/strong><strong>Personal stand<br \/><\/strong>Place Saint Honor\u00e9 &#8211; Paris<\/p><h3>April 2013<\/h3><p><strong>Exhibition\u201d Flavours and colours\u201d<br \/><\/strong>Atelier 43, Saint-Germain-en- Laye (78110)<\/p><h3>March 2013<\/h3><p><strong>Exhibition\u00a0\u00bb Couleurs et formes\u00a0\u00bb<br \/><\/strong>Le Mesnil le Roi (78)<\/p><\/div>\n\t\t\t\t<\/div>\n\t\t\t\t\t\t\t<div class=\"elementor-accordion-item\">\n\t\t\t\t\t<div id=\"elementor-tab-title-4675\" class=\"elementor-tab-title\" data-tab=\"5\" role=\"button\" aria-controls=\"elementor-tab-content-4675\" aria-expanded=\"false\">\n\t\t\t\t\t\t\t\t\t\t\t\t\t<span class=\"elementor-accordion-icon elementor-accordion-icon-left\" aria-hidden=\"true\">\n\t\t\t\t\t\t\t\t\t\t\t\t\t\t\t<span class=\"elementor-accordion-icon-closed\"><i class=\"fas fa-plus\"><\/i><\/span>\n\t\t\t\t\t\t\t\t<span class=\"elementor-accordion-icon-opened\"><i class=\"fas fa-minus\"><\/i><\/span>\n\t\t\t\t\t\t\t\t\t\t\t\t\t\t<\/span>\n\t\t\t\t\t\t\t\t\t\t\t\t<a class=\"elementor-accordion-title\" tabindex=\"0\">2011<\/a>\n\t\t\t\t\t<\/div>\n\t\t\t\t\t<div id=\"elementor-tab-content-4675\" class=\"elementor-tab-content elementor-clearfix\" data-tab=\"5\" role=\"region\" aria-labelledby=\"elementor-tab-title-4675\"><h3>December 2011<\/h3><p><strong>\u201cLandscapes and Metamorphoses\u201d Exhibit<br \/><\/strong>Atelier 43, Saint-Germain-en- Laye (78100)<\/p><h3>November 2011<\/h3><p><strong>Salon d&#8217;Automne des petits formats <\/strong><br \/>Theme: &#8220;The Tree&#8221;<br \/>Champs-Elys\u00e9es &#8211; Paris<\/p><h3>September 2011<\/h3><p><strong>V\u00e9ra Museum<br \/><\/strong>Saint-Germain-en-Laye (78)<\/p><h3>May 2011<\/h3><p><strong>Salon des Grands Formats(large paintings exhibit)<\/strong><br \/>Theme:&#8221;Red and Black&#8221;<br \/>Boulogne Billancourt (92)<\/p><h3>May 2011<\/h3><p><strong>Day of the arts in Le V\u00e9sinet<br \/><\/strong>Le V\u00e9sinet (78110)<\/p><h3>March 2011<\/h3><p><strong>Salon des Beaux-Arts<br \/><\/strong>Chatou (78)<\/p><\/div>\n\t\t\t\t<\/div>\n\t\t\t\t\t\t\t<div class=\"elementor-accordion-item\">\n\t\t\t\t\t<div id=\"elementor-tab-title-4676\" class=\"elementor-tab-title\" data-tab=\"6\" role=\"button\" aria-controls=\"elementor-tab-content-4676\" aria-expanded=\"false\">\n\t\t\t\t\t\t\t\t\t\t\t\t\t<span class=\"elementor-accordion-icon elementor-accordion-icon-left\" aria-hidden=\"true\">\n\t\t\t\t\t\t\t\t\t\t\t\t\t\t\t<span class=\"elementor-accordion-icon-closed\"><i class=\"fas fa-plus\"><\/i><\/span>\n\t\t\t\t\t\t\t\t<span class=\"elementor-accordion-icon-opened\"><i class=\"fas fa-minus\"><\/i><\/span>\n\t\t\t\t\t\t\t\t\t\t\t\t\t\t<\/span>\n\t\t\t\t\t\t\t\t\t\t\t\t<a class=\"elementor-accordion-title\" tabindex=\"0\">2009<\/a>\n\t\t\t\t\t<\/div>\n\t\t\t\t\t<div id=\"elementor-tab-content-4676\" class=\"elementor-tab-content elementor-clearfix\" data-tab=\"6\" role=\"region\" aria-labelledby=\"elementor-tab-title-4676\"><h3>Avril 2009<\/h3><p><strong>Salon des Arts Man\u00e8ge Royal<\/strong><br \/>Saint-Germain-en-Laye (78)<\/p><\/div>\n\t\t\t\t<\/div>\n\t\t\t\t\t\t\t\t<\/div>\n\t\t\t\t\t\t<\/div>\n\t\t\t\t<\/div>\n\t\t\t\t\t<\/div>\n\t\t<\/div>\n\t\t\t\t\t<\/div>\n\t\t<\/section>\n\t\t\t\t<section class=\"elementor-section elementor-top-section elementor-element elementor-element-457a514 elementor-section-boxed elementor-section-height-default elementor-section-height-default\" data-id=\"457a514\" data-element_type=\"section\" data-e-type=\"section\">\n\t\t\t\t\t\t<div class=\"elementor-container elementor-column-gap-default\">\n\t\t\t\t\t<div class=\"elementor-column elementor-col-100 elementor-top-column elementor-element elementor-element-a4258f3\" data-id=\"a4258f3\" data-element_type=\"column\" data-e-type=\"column\">\n\t\t\t<div class=\"elementor-widget-wrap elementor-element-populated\">\n\t\t\t\t\t\t<div class=\"elementor-element elementor-element-04bffdd elementor-align-center elementor-widget elementor-widget-button\" data-id=\"04bffdd\" data-element_type=\"widget\" data-e-type=\"widget\" data-widget_type=\"button.default\">\n\t\t\t\t<div class=\"elementor-widget-container\">\n\t\t\t\t\t\t\t\t\t<div class=\"elementor-button-wrapper\">\n\t\t\t\t\t<a class=\"elementor-button elementor-button-link elementor-size-sm\" href=\"https:\/\/www.nicoleking.fr\/wp-content\/uploads\/2021\/08\/nicole-king-exhibitions-2009-2020.pdf\" target=\"_blank\">\n\t\t\t\t\t\t<span class=\"elementor-button-content-wrapper\">\n\t\t\t\t\t\t\t\t\t<span class=\"elementor-button-text\">Download the list of exhibitions<\/span>\n\t\t\t\t\t<\/span>\n\t\t\t\t\t<\/a>\n\t\t\t\t<\/div>\n\t\t\t\t\t\t\t\t<\/div>\n\t\t\t\t<\/div>\n\t\t\t\t\t<\/div>\n\t\t<\/div>\n\t\t\t\t\t<\/div>\n\t\t<\/section>\n\t\t\t\t<\/div>\n\t\t","protected":false},"excerpt":{"rendered":"<p>Nicole King has participated in numerous personal and collective exhibitions, which are listed chronologically on this page. 2020 From 11th to 16thFebruary 2020 Art Capital &#8211; Salon Dessin &amp; Peinture \u00e0 l&rsquo;Eau &#8211; Salon des Artistes Fran\u00e7aisGrand Palais &#8211; 3 avenue du G\u00e9n\u00e9ral Eisenhower &#8211; 75008 Paris From 3rd to 11th October 2020 V\u00e9sin&rsquo;ArtTheme: \u00ab\u00a0Abstraction\u00a0\u00bbEspace [&hellip;]<\/p>\n","protected":false},"author":2,"featured_media":0,"parent":0,"menu_order":0,"comment_status":"closed","ping_status":"closed","template":"","meta":{"_acf_changed":false,"site-sidebar-layout":"no-sidebar","site-content-layout":"page-builder","ast-site-content-layout":"default","site-content-style":"default","site-sidebar-style":"default","ast-global-header-display":"","ast-banner-title-visibility":"","ast-main-header-display":"","ast-hfb-above-header-display":"","ast-hfb-below-header-display":"","ast-hfb-mobile-header-display":"","site-post-title":"disabled","ast-breadcrumbs-content":"","ast-featured-img":"disabled","footer-sml-layout":"","ast-disable-related-posts":"","theme-transparent-header-meta":"default","adv-header-id-meta":"","stick-header-meta":"","header-above-stick-meta":"","header-main-stick-meta":"","header-below-stick-meta":"","astra-migrate-meta-layouts":"default","ast-page-background-enabled":"default","ast-page-background-meta":{"desktop":{"background-color":"","background-image":"","background-repeat":"repeat","background-position":"center center","background-size":"auto","background-attachment":"scroll","background-type":"","background-media":"","overlay-type":"","overlay-color":"","overlay-opacity":"","overlay-gradient":""},"tablet":{"background-color":"","background-image":"","background-repeat":"repeat","background-position":"center center","background-size":"auto","background-attachment":"scroll","background-type":"","background-media":"","overlay-type":"","overlay-color":"","overlay-opacity":"","overlay-gradient":""},"mobile":{"background-color":"","background-image":"","background-repeat":"repeat","background-position":"center center","background-size":"auto","background-attachment":"scroll","background-type":"","background-media":"","overlay-type":"","overlay-color":"","overlay-opacity":"","overlay-gradient":""}},"ast-content-background-meta":{"desktop":{"background-color":"var(--ast-global-color-5)","background-image":"","background-repeat":"repeat","background-position":"center center","background-size":"auto","background-attachment":"scroll","background-type":"","background-media":"","overlay-type":"","overlay-color":"","overlay-opacity":"","overlay-gradient":""},"tablet":{"background-color":"var(--ast-global-color-5)","background-image":"","background-repeat":"repeat","background-position":"center center","background-size":"auto","background-attachment":"scroll","background-type":"","background-media":"","overlay-type":"","overlay-color":"","overlay-opacity":"","overlay-gradient":""},"mobile":{"background-color":"var(--ast-global-color-5)","background-image":"","background-repeat":"repeat","background-position":"center center","background-size":"auto","background-attachment":"scroll","background-type":"","background-media":"","overlay-type":"","overlay-color":"","overlay-opacity":"","overlay-gradient":""}},"footnotes":""},"class_list":["post-5109","page","type-page","status-publish","hentry"],"acf":[],"yoast_head":"<!-- This site is optimized with the Yoast SEO plugin v27.5 - https:\/\/yoast.com\/product\/yoast-seo-wordpress\/ -->\n<title>List of past exhibitions - Nicole King<\/title>\n<meta name=\"description\" content=\"Nicole King has participated in numerous personal and collective exhibitions, which are listed chronologically on this page.\" \/>\n<meta name=\"robots\" content=\"index, follow, max-snippet:-1, max-image-preview:large, max-video-preview:-1\" \/>\n<link rel=\"canonical\" href=\"https:\/\/www.nicoleking.fr\/en\/list-of-past-exhibitions\/\" \/>\n<meta property=\"og:locale\" content=\"en_US\" \/>\n<meta property=\"og:type\" content=\"article\" \/>\n<meta property=\"og:title\" content=\"List of past exhibitions - Nicole King\" \/>\n<meta property=\"og:description\" content=\"Nicole King has participated in numerous personal and collective exhibitions, which are listed chronologically on this page.\" \/>\n<meta property=\"og:url\" content=\"https:\/\/www.nicoleking.fr\/en\/list-of-past-exhibitions\/\" \/>\n<meta property=\"og:site_name\" content=\"Nicole King\" \/>\n<meta property=\"article:publisher\" content=\"https:\/\/www.facebook.com\/profile.php?id=100015090904429\" \/>\n<meta property=\"article:modified_time\" content=\"2021-09-21T13:07:30+00:00\" \/>\n<meta property=\"og:image\" content=\"https:\/\/www.nicoleking.fr\/wp-content\/uploads\/2021\/05\/nicole-king-blochp.jpg\" \/>\n<meta name=\"twitter:card\" content=\"summary_large_image\" \/>\n<meta name=\"twitter:label1\" content=\"Est. reading time\" \/>\n\t<meta name=\"twitter:data1\" content=\"7 minutes\" \/>\n<script type=\"application\/ld+json\" class=\"yoast-schema-graph\">{\"@context\":\"https:\\\/\\\/schema.org\",\"@graph\":[{\"@type\":\"WebPage\",\"@id\":\"https:\\\/\\\/www.nicoleking.fr\\\/en\\\/list-of-past-exhibitions\\\/\",\"url\":\"https:\\\/\\\/www.nicoleking.fr\\\/en\\\/list-of-past-exhibitions\\\/\",\"name\":\"List of past exhibitions - Nicole King\",\"isPartOf\":{\"@id\":\"https:\\\/\\\/www.nicoleking.fr\\\/en\\\/#website\"},\"primaryImageOfPage\":{\"@id\":\"https:\\\/\\\/www.nicoleking.fr\\\/en\\\/list-of-past-exhibitions\\\/#primaryimage\"},\"image\":{\"@id\":\"https:\\\/\\\/www.nicoleking.fr\\\/en\\\/list-of-past-exhibitions\\\/#primaryimage\"},\"thumbnailUrl\":\"https:\\\/\\\/www.nicoleking.fr\\\/wp-content\\\/uploads\\\/2021\\\/05\\\/nicole-king-blochp.jpg\",\"datePublished\":\"2021-08-17T18:03:11+00:00\",\"dateModified\":\"2021-09-21T13:07:30+00:00\",\"description\":\"Nicole King has participated in numerous personal and collective exhibitions, which are listed chronologically on this page.\",\"breadcrumb\":{\"@id\":\"https:\\\/\\\/www.nicoleking.fr\\\/en\\\/list-of-past-exhibitions\\\/#breadcrumb\"},\"inLanguage\":\"en-US\",\"potentialAction\":[{\"@type\":\"ReadAction\",\"target\":[\"https:\\\/\\\/www.nicoleking.fr\\\/en\\\/list-of-past-exhibitions\\\/\"]}]},{\"@type\":\"ImageObject\",\"inLanguage\":\"en-US\",\"@id\":\"https:\\\/\\\/www.nicoleking.fr\\\/en\\\/list-of-past-exhibitions\\\/#primaryimage\",\"url\":\"https:\\\/\\\/www.nicoleking.fr\\\/wp-content\\\/uploads\\\/2021\\\/05\\\/nicole-king-blochp.jpg\",\"contentUrl\":\"https:\\\/\\\/www.nicoleking.fr\\\/wp-content\\\/uploads\\\/2021\\\/05\\\/nicole-king-blochp.jpg\"},{\"@type\":\"BreadcrumbList\",\"@id\":\"https:\\\/\\\/www.nicoleking.fr\\\/en\\\/list-of-past-exhibitions\\\/#breadcrumb\",\"itemListElement\":[{\"@type\":\"ListItem\",\"position\":1,\"name\":\"Home\",\"item\":\"https:\\\/\\\/www.nicoleking.fr\\\/en\\\/\"},{\"@type\":\"ListItem\",\"position\":2,\"name\":\"List of past exhibitions\"}]},{\"@type\":\"WebSite\",\"@id\":\"https:\\\/\\\/www.nicoleking.fr\\\/en\\\/#website\",\"url\":\"https:\\\/\\\/www.nicoleking.fr\\\/en\\\/\",\"name\":\"Nicole King\",\"description\":\"Art &amp; Ecology\",\"publisher\":{\"@id\":\"https:\\\/\\\/www.nicoleking.fr\\\/en\\\/#organization\"},\"potentialAction\":[{\"@type\":\"SearchAction\",\"target\":{\"@type\":\"EntryPoint\",\"urlTemplate\":\"https:\\\/\\\/www.nicoleking.fr\\\/en\\\/?s={search_term_string}\"},\"query-input\":{\"@type\":\"PropertyValueSpecification\",\"valueRequired\":true,\"valueName\":\"search_term_string\"}}],\"inLanguage\":\"en-US\"},{\"@type\":\"Organization\",\"@id\":\"https:\\\/\\\/www.nicoleking.fr\\\/en\\\/#organization\",\"name\":\"Nicole King Ecoartist\",\"url\":\"https:\\\/\\\/www.nicoleking.fr\\\/en\\\/\",\"logo\":{\"@type\":\"ImageObject\",\"inLanguage\":\"en-US\",\"@id\":\"https:\\\/\\\/www.nicoleking.fr\\\/en\\\/#\\\/schema\\\/logo\\\/image\\\/\",\"url\":\"https:\\\/\\\/www.nicoleking.fr\\\/wp-content\\\/uploads\\\/2021\\\/06\\\/LogoNicoleKing.png\",\"contentUrl\":\"https:\\\/\\\/www.nicoleking.fr\\\/wp-content\\\/uploads\\\/2021\\\/06\\\/LogoNicoleKing.png\",\"width\":300,\"height\":127,\"caption\":\"Nicole King Ecoartist\"},\"image\":{\"@id\":\"https:\\\/\\\/www.nicoleking.fr\\\/en\\\/#\\\/schema\\\/logo\\\/image\\\/\"},\"sameAs\":[\"https:\\\/\\\/www.facebook.com\\\/profile.php?id=100015090904429\",\"https:\\\/\\\/www.instagram.com\\\/nicolekingvolcy\\\/\",\"https:\\\/\\\/www.linkedin.com\\\/in\\\/nicole-king-2768ba69\\\/\"]}]}<\/script>\n<!-- \/ Yoast SEO plugin. -->","yoast_head_json":{"title":"List of past exhibitions - Nicole King","description":"Nicole King has participated in numerous personal and collective exhibitions, which are listed chronologically on this page.","robots":{"index":"index","follow":"follow","max-snippet":"max-snippet:-1","max-image-preview":"max-image-preview:large","max-video-preview":"max-video-preview:-1"},"canonical":"https:\/\/www.nicoleking.fr\/en\/list-of-past-exhibitions\/","og_locale":"en_US","og_type":"article","og_title":"List of past exhibitions - Nicole King","og_description":"Nicole King has participated in numerous personal and collective exhibitions, which are listed chronologically on this page.","og_url":"https:\/\/www.nicoleking.fr\/en\/list-of-past-exhibitions\/","og_site_name":"Nicole King","article_publisher":"https:\/\/www.facebook.com\/profile.php?id=100015090904429","article_modified_time":"2021-09-21T13:07:30+00:00","og_image":[{"url":"https:\/\/www.nicoleking.fr\/wp-content\/uploads\/2021\/05\/nicole-king-blochp.jpg","type":"","width":"","height":""}],"twitter_card":"summary_large_image","twitter_misc":{"Est. reading time":"7 minutes"},"schema":{"@context":"https:\/\/schema.org","@graph":[{"@type":"WebPage","@id":"https:\/\/www.nicoleking.fr\/en\/list-of-past-exhibitions\/","url":"https:\/\/www.nicoleking.fr\/en\/list-of-past-exhibitions\/","name":"List of past exhibitions - Nicole King","isPartOf":{"@id":"https:\/\/www.nicoleking.fr\/en\/#website"},"primaryImageOfPage":{"@id":"https:\/\/www.nicoleking.fr\/en\/list-of-past-exhibitions\/#primaryimage"},"image":{"@id":"https:\/\/www.nicoleking.fr\/en\/list-of-past-exhibitions\/#primaryimage"},"thumbnailUrl":"https:\/\/www.nicoleking.fr\/wp-content\/uploads\/2021\/05\/nicole-king-blochp.jpg","datePublished":"2021-08-17T18:03:11+00:00","dateModified":"2021-09-21T13:07:30+00:00","description":"Nicole King has participated in numerous personal and collective exhibitions, which are listed chronologically on this page.","breadcrumb":{"@id":"https:\/\/www.nicoleking.fr\/en\/list-of-past-exhibitions\/#breadcrumb"},"inLanguage":"en-US","potentialAction":[{"@type":"ReadAction","target":["https:\/\/www.nicoleking.fr\/en\/list-of-past-exhibitions\/"]}]},{"@type":"ImageObject","inLanguage":"en-US","@id":"https:\/\/www.nicoleking.fr\/en\/list-of-past-exhibitions\/#primaryimage","url":"https:\/\/www.nicoleking.fr\/wp-content\/uploads\/2021\/05\/nicole-king-blochp.jpg","contentUrl":"https:\/\/www.nicoleking.fr\/wp-content\/uploads\/2021\/05\/nicole-king-blochp.jpg"},{"@type":"BreadcrumbList","@id":"https:\/\/www.nicoleking.fr\/en\/list-of-past-exhibitions\/#breadcrumb","itemListElement":[{"@type":"ListItem","position":1,"name":"Home","item":"https:\/\/www.nicoleking.fr\/en\/"},{"@type":"ListItem","position":2,"name":"List of past exhibitions"}]},{"@type":"WebSite","@id":"https:\/\/www.nicoleking.fr\/en\/#website","url":"https:\/\/www.nicoleking.fr\/en\/","name":"Nicole King","description":"Art &amp; Ecology","publisher":{"@id":"https:\/\/www.nicoleking.fr\/en\/#organization"},"potentialAction":[{"@type":"SearchAction","target":{"@type":"EntryPoint","urlTemplate":"https:\/\/www.nicoleking.fr\/en\/?s={search_term_string}"},"query-input":{"@type":"PropertyValueSpecification","valueRequired":true,"valueName":"search_term_string"}}],"inLanguage":"en-US"},{"@type":"Organization","@id":"https:\/\/www.nicoleking.fr\/en\/#organization","name":"Nicole King Ecoartist","url":"https:\/\/www.nicoleking.fr\/en\/","logo":{"@type":"ImageObject","inLanguage":"en-US","@id":"https:\/\/www.nicoleking.fr\/en\/#\/schema\/logo\/image\/","url":"https:\/\/www.nicoleking.fr\/wp-content\/uploads\/2021\/06\/LogoNicoleKing.png","contentUrl":"https:\/\/www.nicoleking.fr\/wp-content\/uploads\/2021\/06\/LogoNicoleKing.png","width":300,"height":127,"caption":"Nicole King Ecoartist"},"image":{"@id":"https:\/\/www.nicoleking.fr\/en\/#\/schema\/logo\/image\/"},"sameAs":["https:\/\/www.facebook.com\/profile.php?id=100015090904429","https:\/\/www.instagram.com\/nicolekingvolcy\/","https:\/\/www.linkedin.com\/in\/nicole-king-2768ba69\/"]}]}},"_links":{"self":[{"href":"https:\/\/www.nicoleking.fr\/en\/wp-json\/wp\/v2\/pages\/5109","targetHints":{"allow":["GET"]}}],"collection":[{"href":"https:\/\/www.nicoleking.fr\/en\/wp-json\/wp\/v2\/pages"}],"about":[{"href":"https:\/\/www.nicoleking.fr\/en\/wp-json\/wp\/v2\/types\/page"}],"author":[{"embeddable":true,"href":"https:\/\/www.nicoleking.fr\/en\/wp-json\/wp\/v2\/users\/2"}],"replies":[{"embeddable":true,"href":"https:\/\/www.nicoleking.fr\/en\/wp-json\/wp\/v2\/comments?post=5109"}],"version-history":[{"count":0,"href":"https:\/\/www.nicoleking.fr\/en\/wp-json\/wp\/v2\/pages\/5109\/revisions"}],"wp:attachment":[{"href":"https:\/\/www.nicoleking.fr\/en\/wp-json\/wp\/v2\/media?parent=5109"}],"curies":[{"name":"wp","href":"https:\/\/api.w.org\/{rel}","templated":true}]}}